{"id":500,"date":"2019-08-12T18:31:41","date_gmt":"2019-08-12T23:01:41","guid":{"rendered":"http:\/\/antropologiasdelsur.org.ve\/?page_id=500"},"modified":"2022-10-24T11:03:05","modified_gmt":"2022-10-24T15:33:05","slug":"barinas","status":"publish","type":"page","link":"https:\/\/antropologiasdelsur.org\/?page_id=500","title":{"rendered":"Barinas"},"content":{"rendered":"<h1 style=\"text-align: center;\"><span style=\"color: #993300;\"><strong>2\u00b0 Congreso Internacional de Antropolog\u00edas del Sur 2022<\/strong><\/span><br \/><span style=\"color: #993300;\"><strong>(Cap\u00edtulo Barinas-Venezuela)<\/strong><\/span><br \/><span style=\"color: #993300;\"><strong>\u201cTerritorio, Sociedad y Cultura\u201d<\/strong><\/span><\/h1>\n<h2 style=\"text-align: center;\"><span style=\"color: #993300;\"><strong>08-10 de noviembre del 2022<\/strong><\/span><\/h2>\n<h4 style=\"text-align: right;\"><strong><em>&#8220;El horizonte y yo vamos\/solos por la llana tierra:\/<\/em><\/strong><\/h4>\n<h4 style=\"text-align: right;\"><strong><em>me enlaz\u00f3 todos los rumbos\/su audacia de soga abierta&#8221;<\/em><\/strong><\/h4>\n<h4 style=\"text-align: right;\"><strong>Alberto Arvelo Torrealba<\/strong><\/h4>\n<p>\u00a0<\/p>\n<h4 style=\"text-align: right;\"><strong><em>&#8220;\u00a1\u00a1Qui\u00e9n dice que el Sur no es llano\u2026!!&#8221;<\/em><\/strong><\/h4>\n<h4 style=\"text-align: right;\"><strong>Manuel D\u00edaz Rivas<\/strong><\/h4>\n<p><a href=\"https:\/\/i0.wp.com\/antropologiasdelsur.org\/wp-content\/uploads\/2022\/10\/AFICHE-NUEVO-Capi%CC%81tulo-Barinas-2-BR.jpg\"><img data-recalc-dims=\"1\" fetchpriority=\"high\" decoding=\"async\" data-attachment-id=\"1247\" data-permalink=\"https:\/\/antropologiasdelsur.org\/?attachment_id=1247#main\" data-orig-file=\"https:\/\/i0.wp.com\/antropologiasdelsur.org\/wp-content\/uploads\/2022\/10\/AFICHE-NUEVO-Capi%CC%81tulo-Barinas-2-BR.jpg?fit=1181%2C888&amp;ssl=1\" data-orig-size=\"1181,888\" data-comments-opened=\"1\" data-image-meta=\"{&quot;aperture&quot;:&quot;0&quot;,&quot;credit&quot;:&quot;&quot;,&quot;camera&quot;:&quot;&quot;,&quot;caption&quot;:&quot;&quot;,&quot;created_timestamp&quot;:&quot;0&quot;,&quot;copyright&quot;:&quot;&quot;,&quot;focal_length&quot;:&quot;0&quot;,&quot;iso&quot;:&quot;0&quot;,&quot;shutter_speed&quot;:&quot;0&quot;,&quot;title&quot;:&quot;AFICHE 1 Cap\\u00edtulo Barinas -1&quot;,&quot;orientation&quot;:&quot;1&quot;}\" data-image-title=\"AFICHE 1 Cap\u00edtulo Barinas -1\" data-image-description=\"\" data-image-caption=\"\" data-large-file=\"https:\/\/i0.wp.com\/antropologiasdelsur.org\/wp-content\/uploads\/2022\/10\/AFICHE-NUEVO-Capi%CC%81tulo-Barinas-2-BR.jpg?fit=1024%2C770&amp;ssl=1\" class=\"wp-image-1247 aligncenter\" src=\"https:\/\/i0.wp.com\/antropologiasdelsur.org\/wp-content\/uploads\/2022\/10\/AFICHE-NUEVO-Capi%CC%81tulo-Barinas-2-BR-300x226.jpg?resize=637%2C480\" alt=\"\" width=\"637\" height=\"480\" srcset=\"https:\/\/i0.wp.com\/antropologiasdelsur.org\/wp-content\/uploads\/2022\/10\/AFICHE-NUEVO-Capi%CC%81tulo-Barinas-2-BR.jpg?resize=300%2C226&amp;ssl=1 300w, https:\/\/i0.wp.com\/antropologiasdelsur.org\/wp-content\/uploads\/2022\/10\/AFICHE-NUEVO-Capi%CC%81tulo-Barinas-2-BR.jpg?resize=1024%2C770&amp;ssl=1 1024w, https:\/\/i0.wp.com\/antropologiasdelsur.org\/wp-content\/uploads\/2022\/10\/AFICHE-NUEVO-Capi%CC%81tulo-Barinas-2-BR.jpg?resize=768%2C577&amp;ssl=1 768w, https:\/\/i0.wp.com\/antropologiasdelsur.org\/wp-content\/uploads\/2022\/10\/AFICHE-NUEVO-Capi%CC%81tulo-Barinas-2-BR.jpg?w=1181&amp;ssl=1 1181w\" sizes=\"(max-width: 637px) 100vw, 637px\" \/><\/a><\/p>\n<p>\u00a0<\/p>\n<h4 style=\"text-align: left;\"><strong>El <span style=\"color: #873d18;\">Comit\u00e9 organizador del cap\u00edtulo Barinas<\/span> ha convenido proponer como tem\u00e1tica central del <span style=\"color: #873d18;\">2\u00b0 Congreso Internacional de Antropolog\u00edas del Sur Cap\u00edtulo Barinas 2022<\/span>, Venezuela, las nociones y reflexiones te\u00f3ricas y metodol\u00f3gicas de la tem\u00e1tica de <span style=\"color: #873d18;\">\u201cTerritorio, Sociedad y Cultura\u201d<\/span> por tratarse de una propuesta de an\u00e1lisis socio-antropol\u00f3gico del hecho cultural humano que es expresi\u00f3n fiel del engranaje de relaciones sociales que se forjan en un tiempo y espacio dado.<\/strong><\/h4>\n<h4><strong>Temas de \u201cTerritorio, Sociedad y Cultura\u201d se consideran af\u00edn a la tem\u00e1tica general que abordar\u00e1 el 2\u00b0 Congreso Internacional de Antropolog\u00edas del Sur 2020-2022 acerca de <span style=\"color: #873d18;\">\u201cLos caminos\/retos de las investigaciones del sur: Desaf\u00edos metodol\u00f3gicos, diversidad disciplinar y compromiso social\u201d<\/span> al abordar antropolog\u00edas situadas en contextos de investigaci\u00f3n y divulgaci\u00f3n particulares que responden a una manera de ser, sentir, pensar, actuar y decir, que simult\u00e1neamente buscan respuestas y se enfrentan a nuevos desaf\u00edos.<\/strong><\/h4>\n<h4><strong>Especial consideraci\u00f3n en el debate tendr\u00e1 el fen\u00f3meno migratorio contempor\u00e1neo, hecho antropol\u00f3gico que\u00a0 permea no s\u00f3lo la vida de cada individuo sino del cuerpo social en su conjunto, el cual delinea nuevas maneras de proceder y actuar\u00a0 generando tendencias muy marcadas a escalas regionales, nacionales y globales y que pareciesen propios de la condici\u00f3n del hombre; sedentario, errante; ese ir y venir, signo de orden-caos reconfigurando nuevas realidades m\u00e1s all\u00e1 de la dimensi\u00f3n geopol\u00edtica o econ\u00f3mica.<\/strong><\/h4>\n<h4><strong>En consecuencia, dichos constructos que se autosustentan, construyen, deconstruyen en forma continua a partir de las visiones, perspectivas y experiencias investigativas que sobre el tema poseen investigadores y afines, se dar\u00e1n cita en modalidad virtual los d\u00eda 8 y 9 de noviembre del 2022, y presencial el d\u00eda 10 de noviembre del 2022 en las <span style=\"color: #873d18;\"><u>instalaciones de la UNELLEZ-Barinas<span style=\"color: #000000;\">,<\/span> <\/u><\/span>abonando argumentos al an\u00e1lisis antropol\u00f3gico de las que se desprenden las m\u00e1s variadas interpretaciones.<\/strong><\/h4>\n<h4><strong>Las modalidades de participaci\u00f3n ser\u00e1n en calidad de <span style=\"color: #873d18;\"><u>Asistentes y Ponentes<\/u><\/span> quienes podr\u00e1n disertar acerca de los hallazgos de investigaciones, presentaci\u00f3n de experiencias, propuestas, creaciones literarias y art\u00edsticas, muestras audiovisuales en Ejes Tem\u00e1ticos propuestos por grupos de investigadores y que aparecen en el <span style=\"color: #873d18;\">Afiche del Cap\u00edtulo<\/span>. Se aceptar\u00e1n presentaciones de <span style=\"color: #993300;\">Ponentes<\/span> en modalidad de <span style=\"color: #993300;\">Participaci\u00f3n Virtual<\/span>, siempre y cuando se cumplan con los lapsos de recepci\u00f3n.<\/strong><\/h4>\n<h3>\u00a0<\/h3>\n<h3 style=\"text-align: center;\"><strong><span style=\"color: #993300;\">Ejes Tem\u00e1ticos:<\/span><\/strong><\/h3>\n<ul>\n<li>\n<h4><strong>Desaf\u00edos metodol\u00f3gicos para unas antropolog\u00edas del Sur.<\/strong><\/h4>\n<\/li>\n<li>\n<h4><strong>Migraciones como problema y Formas de migraci\u00f3n.<\/strong><\/h4>\n<\/li>\n<li>\n<h4><strong>Antropolog\u00eda y Arte.<\/strong><\/h4>\n<\/li>\n<li>\n<h4><strong>Arte rupestre, arqueolog\u00eda regional y Patrimonios culturales ind\u00edgenas.<\/strong><\/h4>\n<\/li>\n<li>\n<h4><strong>Tradici\u00f3n Oral y Memorias sociales. <\/strong><strong>Etnomusicolog\u00edas del Sur.<\/strong><\/h4>\n<\/li>\n<li>\n<h4><strong>Antropolog\u00eda de las emociones y subjetividades. Otros horizontes epist\u00e9micos.<\/strong><\/h4>\n<\/li>\n<li>\n<h4><strong>Museos y pol\u00edticas de reconocimiento<\/strong><\/h4>\n<\/li>\n<li>\n<h4><strong>Antropolog\u00edas del cuerpo, del g\u00e9nero y de la sexodiversidad. Representaciones de la salud-enfermedad en el Sur.<\/strong><\/h4>\n<\/li>\n<\/ul>\n<h4>\u00a0<\/h4>\n<h4><strong>Interesados contactarnos por el correo electr\u00f3nico: <a href=\"mailto:barinascongresoantropologia@gmail.com\">barinascongresoantropologia@gmail.com<\/a>.<br \/><\/strong><\/h4>\n<h3>\u00a0<\/h3>\n<h3 style=\"text-align: center;\"><strong><span style=\"color: #993300;\">FECHA L\u00cdMITE DE RECEPCI\u00d3N DE PONENCIAS:<\/span><\/strong><\/h3>\n<h4 style=\"text-align: center;\"><strong>Hasta el 28\/10\/2022.<\/strong><\/h4>\n<h4>\u00a0<\/h4>\n<h4 style=\"text-align: center;\"><strong>Evento totalmente gratuito.<\/strong><\/h4>\n<p>\u00a0<\/p>\n<h3 style=\"text-align: center;\"><strong><span style=\"color: #993300;\">Informaci\u00f3n de hospedajes cercanos a la UNELLEZ<\/span><\/strong><\/h3>\n<h4 style=\"text-align: center;\"><strong>MOTEL CACIQUE Tel\u00e9fono: 0273-5411090<\/strong><\/h4>\n<h4 style=\"text-align: center;\"><strong>HOTEL ALTO BARINAS Tel\u00e9fono: 0414-5703468<\/strong><\/h4>\n<h4 style=\"text-align: center;\"><strong>HOTEL WISAM Tel\u00e9fono: 0273-5418565<\/strong><\/h4>\n<p>\u00a0<\/p>\n<h3 style=\"text-align: center;\"><span style=\"text-decoration: underline; color: #135e30;\"><strong>Contactos:<\/strong><\/span><\/h3>\n<h4 style=\"text-align: center;\"><strong>Dr. Manuel D\u00edaz Rivas<\/strong><\/h4>\n<h4 style=\"text-align: center;\"><strong>Coordinador del evento<\/strong><\/h4>\n<h4 style=\"text-align: center;\"><strong>Email: manueld86@gmail.com<\/strong><\/h4>\n<h4>\u00a0<\/h4>\n<h4 style=\"text-align: center;\"><strong>M.Sc. Ana Mendoza<\/strong><\/h4>\n<h4 style=\"text-align: center;\"><strong>Coordinadora CIES<\/strong><br \/><strong>Email: anamen11@gmail.com<\/strong><\/h4>\n<h4>\u00a0<\/h4>\n<h4 style=\"text-align: center;\"><strong>M.Sc. Eveling Colina Bastidas<\/strong><\/h4>\n<h4 style=\"text-align: center;\"><strong>Email: ecolinab@gmail.com<\/strong><\/h4>\n<h4>\u00a0<\/h4>\n\n\n<p><\/p>\n","protected":false},"excerpt":{"rendered":"<p>2\u00b0 Congreso Internacional de Antropolog\u00edas del Sur 2022(Cap\u00edtulo Barinas-Venezuela)\u201cTerritorio, Sociedad y Cultura\u201d 08-10 de noviembre del 2022 &#8220;El horizonte y yo vamos\/solos por la llana tierra:\/ me enlaz\u00f3 todos los rumbos\/su audacia de soga abierta&#8221; Alberto Arvelo Torrealba \u00a0 &#8220;\u00a1\u00a1Qui\u00e9n dice que el Sur no es llano\u2026!!&#8221; Manuel D\u00edaz Rivas \u00a0 El Comit\u00e9 organizador del<\/p>\n<p><a href=\"https:\/\/antropologiasdelsur.org\/?page_id=500\" class=\"more-link themebutton\">Leer m\u00e1s<\/a><\/p>\n","protected":false},"author":3,"featured_media":0,"parent":488,"menu_order":0,"comment_status":"closed","ping_status":"closed","template":"","meta":{"footnotes":""},"class_list":["post-500","page","type-page","status-publish","hentry"],"jetpack_sharing_enabled":true,"jetpack_shortlink":"https:\/\/wp.me\/P7en3k-84","jetpack-related-posts":[{"id":522,"url":"https:\/\/antropologiasdelsur.org\/?page_id=522","url_meta":{"origin":500,"position":0},"title":"Programaci\u00f3n","author":"Diego Camilo Figueroa","date":"12\/08\/2019","format":false,"excerpt":"Venezuela: Cap\u00edtulo Falc\u00f3n\/Coro: Cada viernes del mes de marzo del 2020. Cap\u00edtulo Barinas-Venezuela: 1-2 de abril del 2020. Cap\u00edtulo Yaracuy-Venezuela: 17-19 de abril del 2020. Colombia: Cap\u00edtulo Regi\u00f3n Caribe-Colombia: Agosto del 2022. Brasil: Cap\u00edtulo Brasil: Octubre de 2020.","rel":"","context":"Entrada similar","block_context":{"text":"Entrada similar","link":""},"img":{"alt_text":"","src":"","width":0,"height":0},"classes":[]},{"id":476,"url":"https:\/\/antropologiasdelsur.org\/?page_id=476","url_meta":{"origin":500,"position":1},"title":"Cap\u00edtulos","author":"Diego Camilo Figueroa","date":"12\/08\/2019","format":false,"excerpt":"BrasilOrganizado por el Projeto Nova Cartografia Social, da Universidade Federal do Rec\u00f4ncavo da Bahia (UFRB).Fecha:\u00a0julio del 2020.Modalidad: virtual.Primera Circular\u00a0ColombiaRegi\u00f3n Caribe:Organizado por el Centro de Investigaciones Jorge Eli\u00e9cer Gait\u00e1n, de la Escuela de Derecho y Ciencias Sociales de la Corporaci\u00f3n Universitaria del Meta; la Fundaci\u00f3n Universitaria Intercultural Manuel Zapata Olivella (FUIMZO),\u2026","rel":"","context":"Entrada similar","block_context":{"text":"Entrada similar","link":""},"img":{"alt_text":"","src":"","width":0,"height":0},"classes":[]},{"id":1586,"url":"https:\/\/antropologiasdelsur.org\/?page_id=1586","url_meta":{"origin":500,"position":2},"title":"Tercer Congreso Internacional de Antropolog\u00edas del Sur","author":"petrizzo","date":"26\/12\/2025","format":false,"excerpt":"3ER CONGRESO INTERNACIONAL DE ANTROPOLOG\u00cdA DEL SUR 2026.\u00a0\u201cLAS ANTROPOLOG\u00cdAS DEL SUR FRENTE A UN MUNDO EN CONFLICTO: RETOS EPISTEMOL\u00d3GICOS, \u00c9TICOS Y POL\u00cdTICOS\u201d.\u00a0FOZ DE IGUA\u00c7\u00da, BRASIL Fecha:\u00a04, 5 y 6 de noviembre de 2026Sitio web del evento:\u00a0https:\/\/antropologiasdelsur.orgCorreo electr\u00f3nico del evento:\u00a0congreso@antropologiasdelsur.orgPRESENTACI\u00d3NAm\u00e9rica Latina y el Caribe, al igual que la mayor\u00eda de las\u2026","rel":"","context":"Entrada similar","block_context":{"text":"Entrada similar","link":""},"img":{"alt_text":"","src":"https:\/\/i0.wp.com\/antropologiasdelsur.org\/wp-content\/uploads\/2025\/12\/banner-congreso2026-PNG.png?fit=1200%2C150&ssl=1&resize=350%2C200","width":350,"height":200,"srcset":"https:\/\/i0.wp.com\/antropologiasdelsur.org\/wp-content\/uploads\/2025\/12\/banner-congreso2026-PNG.png?fit=1200%2C150&ssl=1&resize=350%2C200 1x, https:\/\/i0.wp.com\/antropologiasdelsur.org\/wp-content\/uploads\/2025\/12\/banner-congreso2026-PNG.png?fit=1200%2C150&ssl=1&resize=525%2C300 1.5x, https:\/\/i0.wp.com\/antropologiasdelsur.org\/wp-content\/uploads\/2025\/12\/banner-congreso2026-PNG.png?fit=1200%2C150&ssl=1&resize=700%2C400 2x, https:\/\/i0.wp.com\/antropologiasdelsur.org\/wp-content\/uploads\/2025\/12\/banner-congreso2026-PNG.png?fit=1200%2C150&ssl=1&resize=1050%2C600 3x"},"classes":[]},{"id":507,"url":"https:\/\/antropologiasdelsur.org\/?page_id=507","url_meta":{"origin":500,"position":3},"title":"Regi\u00f3n Caribe-Colombia","author":"Diego Camilo Figueroa","date":"12\/08\/2019","format":false,"excerpt":"II Congreso Internacional de Antropolog\u00edas del Sur Los caminos\/retos de las investigaciones del Sur: desaf\u00edos metodol\u00f3gicos, diversidad disciplinar y compromiso social Cap\u00edtulo Caribe-Colombia Bogot\u00e1, Colombia P\u00e1gina web del evento \u00a0 Fecha de realizaci\u00f3n: 13, 14 y 15 de agosto del 2022. Lugar: Colegio del Inmaculado Coraz\u00f3n de Mar\u00eda, Bogot\u00e1, Colombia.\u2026","rel":"","context":"Entrada similar","block_context":{"text":"Entrada similar","link":""},"img":{"alt_text":"","src":"https:\/\/i0.wp.com\/antropologiasdelsur.org\/wp-content\/uploads\/2022\/08\/Capi%CC%81tulo-Caribe-300x300.jpeg?resize=350%2C200","width":350,"height":200},"classes":[]},{"id":494,"url":"https:\/\/antropologiasdelsur.org\/?page_id=494","url_meta":{"origin":500,"position":4},"title":"Falc\u00f3n\/Coro","author":"Diego Camilo Figueroa","date":"12\/08\/2019","format":false,"excerpt":"2\u00b0 Congreso Internacional de Antropolog\u00edas del Sur 2020 Cap\u00edtulo Falc\u00f3n\/Coro-Venezuela Fechas: 6, 13, 20, 27 y 28 de marzo de 2020. Lugar: Biblioteca del Instituto del Patrimonio Cultural (IPC), Coro, estado Falc\u00f3n. Horario: 14:30-15:30 \/ 2:30 pm-5:30 pm. Ejes Tem\u00e1ticos: Antropolog\u00edas del Sur. Arqueolog\u00edas del Sur. Museolog\u00edas del Sur. Pedagog\u00edas\u2026","rel":"","context":"Entrada similar","block_context":{"text":"Entrada similar","link":""},"img":{"alt_text":"","src":"","width":0,"height":0},"classes":[]},{"id":1863,"url":"https:\/\/antropologiasdelsur.org\/?page_id=1863","url_meta":{"origin":500,"position":5},"title":"Inscripci\u00f3n 3er Congreso Internacional de Antropolog\u00edas del Sur","author":"petrizzo","date":"18\/01\/2026","format":false,"excerpt":"FORMULARIO DE INSCRIPCI\u00d3N DE GT\u2019S 3ER CONGRESO INTERNACIONAL DE ANTROPOLOG\u00cdAS DEL SUR 2026 \/ FORMUL\u00c1RIO DE INSCRI\u00c7\u00c3O DA GT PARA O 3\u00ba CONGRESSO INTERNACIONAL DE ANTROPOLOGIAS DO SUL 2026 A trav\u00e9s de este formulario puede inscribir su propuesta de Grupo de Trabajo (GT) para el 3er Congreso Internacional de Antropolog\u00edas\u2026","rel":"","context":"Entrada similar","block_context":{"text":"Entrada similar","link":""},"img":{"alt_text":"","src":"","width":0,"height":0},"classes":[]}],"_links":{"self":[{"href":"https:\/\/antropologiasdelsur.org\/index.php?rest_route=\/wp\/v2\/pages\/500","targetHints":{"allow":["GET"]}}],"collection":[{"href":"https:\/\/antropologiasdelsur.org\/index.php?rest_route=\/wp\/v2\/pages"}],"about":[{"href":"https:\/\/antropologiasdelsur.org\/index.php?rest_route=\/wp\/v2\/types\/page"}],"author":[{"embeddable":true,"href":"https:\/\/antropologiasdelsur.org\/index.php?rest_route=\/wp\/v2\/users\/3"}],"replies":[{"embeddable":true,"href":"https:\/\/antropologiasdelsur.org\/index.php?rest_route=%2Fwp%2Fv2%2Fcomments&post=500"}],"version-history":[{"count":37,"href":"https:\/\/antropologiasdelsur.org\/index.php?rest_route=\/wp\/v2\/pages\/500\/revisions"}],"predecessor-version":[{"id":1253,"href":"https:\/\/antropologiasdelsur.org\/index.php?rest_route=\/wp\/v2\/pages\/500\/revisions\/1253"}],"up":[{"embeddable":true,"href":"https:\/\/antropologiasdelsur.org\/index.php?rest_route=\/wp\/v2\/pages\/488"}],"wp:attachment":[{"href":"https:\/\/antropologiasdelsur.org\/index.php?rest_route=%2Fwp%2Fv2%2Fmedia&parent=500"}],"curies":[{"name":"wp","href":"https:\/\/api.w.org\/{rel}","templated":true}]}}