{"id":507,"date":"2019-08-12T18:32:43","date_gmt":"2019-08-12T23:02:43","guid":{"rendered":"http:\/\/antropologiasdelsur.org.ve\/?page_id=507"},"modified":"2022-08-05T11:59:29","modified_gmt":"2022-08-05T16:29:29","slug":"cartagena","status":"publish","type":"page","link":"https:\/\/antropologiasdelsur.org\/?page_id=507","title":{"rendered":"Regi\u00f3n Caribe-Colombia"},"content":{"rendered":"<h1 style=\"text-align: center;\"><span style=\"color: #993300;\"><strong>II Congreso Internacional de Antropolog\u00edas del Sur<\/strong><\/span><\/h1>\n<h2 style=\"text-align: center;\"><span style=\"color: #993300;\"><strong>Los caminos\/retos de las investigaciones del Sur: desaf\u00edos metodol\u00f3gicos, diversidad disciplinar y compromiso social<br \/><\/strong><\/span><\/h2>\n<h1 style=\"text-align: center;\"><span style=\"color: #993300;\"><strong>Cap\u00edtulo Caribe-Colombia<\/strong><\/span><\/h1>\n<h2 style=\"text-align: center;\"><span style=\"color: #993300;\"><strong>Bogot\u00e1, Colombia<\/strong><\/span><\/h2>\n<h2 style=\"text-align: center;\"><a href=\"https:\/\/capitulocaribe2022.blogspot.com\/\" target=\"_blank\" rel=\"noopener noreferrer\"><span style=\"color: #0000ff;\">P\u00e1gina web del evento<\/span><\/a><\/h2>\n<p>\u00a0<\/p>\n<h4><a href=\"https:\/\/i0.wp.com\/antropologiasdelsur.org\/wp-content\/uploads\/2022\/08\/Capi%CC%81tulo-Caribe.jpeg\"><img data-recalc-dims=\"1\" fetchpriority=\"high\" decoding=\"async\" data-attachment-id=\"1214\" data-permalink=\"https:\/\/antropologiasdelsur.org\/?attachment_id=1214#main\" data-orig-file=\"https:\/\/i0.wp.com\/antropologiasdelsur.org\/wp-content\/uploads\/2022\/08\/Capi%CC%81tulo-Caribe.jpeg?fit=1080%2C1080&amp;ssl=1\" data-orig-size=\"1080,1080\" data-comments-opened=\"1\" data-image-meta=\"{&quot;aperture&quot;:&quot;0&quot;,&quot;credit&quot;:&quot;&quot;,&quot;camera&quot;:&quot;&quot;,&quot;caption&quot;:&quot;&quot;,&quot;created_timestamp&quot;:&quot;0&quot;,&quot;copyright&quot;:&quot;&quot;,&quot;focal_length&quot;:&quot;0&quot;,&quot;iso&quot;:&quot;0&quot;,&quot;shutter_speed&quot;:&quot;0&quot;,&quot;title&quot;:&quot;&quot;,&quot;orientation&quot;:&quot;0&quot;}\" data-image-title=\"Capi\u0301tulo Caribe\" data-image-description=\"\" data-image-caption=\"\" data-large-file=\"https:\/\/i0.wp.com\/antropologiasdelsur.org\/wp-content\/uploads\/2022\/08\/Capi%CC%81tulo-Caribe.jpeg?fit=1024%2C1024&amp;ssl=1\" class=\"wp-image-1214 aligncenter\" src=\"https:\/\/i0.wp.com\/antropologiasdelsur.org\/wp-content\/uploads\/2022\/08\/Capi%CC%81tulo-Caribe-300x300.jpeg?resize=503%2C503\" alt=\"\" width=\"503\" height=\"503\" srcset=\"https:\/\/i0.wp.com\/antropologiasdelsur.org\/wp-content\/uploads\/2022\/08\/Capi%CC%81tulo-Caribe.jpeg?resize=300%2C300&amp;ssl=1 300w, https:\/\/i0.wp.com\/antropologiasdelsur.org\/wp-content\/uploads\/2022\/08\/Capi%CC%81tulo-Caribe.jpeg?resize=1024%2C1024&amp;ssl=1 1024w, https:\/\/i0.wp.com\/antropologiasdelsur.org\/wp-content\/uploads\/2022\/08\/Capi%CC%81tulo-Caribe.jpeg?resize=150%2C150&amp;ssl=1 150w, https:\/\/i0.wp.com\/antropologiasdelsur.org\/wp-content\/uploads\/2022\/08\/Capi%CC%81tulo-Caribe.jpeg?resize=768%2C768&amp;ssl=1 768w, https:\/\/i0.wp.com\/antropologiasdelsur.org\/wp-content\/uploads\/2022\/08\/Capi%CC%81tulo-Caribe.jpeg?resize=570%2C570&amp;ssl=1 570w, https:\/\/i0.wp.com\/antropologiasdelsur.org\/wp-content\/uploads\/2022\/08\/Capi%CC%81tulo-Caribe.jpeg?resize=380%2C380&amp;ssl=1 380w, https:\/\/i0.wp.com\/antropologiasdelsur.org\/wp-content\/uploads\/2022\/08\/Capi%CC%81tulo-Caribe.jpeg?resize=285%2C285&amp;ssl=1 285w, https:\/\/i0.wp.com\/antropologiasdelsur.org\/wp-content\/uploads\/2022\/08\/Capi%CC%81tulo-Caribe.jpeg?w=1080&amp;ssl=1 1080w\" sizes=\"(max-width: 503px) 100vw, 503px\" \/><\/a><\/h4>\n<h4 style=\"text-align: center;\"><span style=\"color: #106b10;\"><strong><span style=\"text-decoration: underline;\">Fecha de realizaci\u00f3n: <\/span><\/strong><\/span>13, 14 y 15 de agosto del 2022.<\/h4>\n<h4 style=\"text-align: center;\"><strong><span style=\"color: #106b10;\">Lugar<\/span><span style=\"color: #106b10;\">:<\/span><\/strong> Colegio del Inmaculado Coraz\u00f3n de Mar\u00eda, Bogot\u00e1, Colombia.<\/h4>\n<h4>\u00a0<\/h4>\n<h2 style=\"text-align: center;\"><span style=\"color: #106b10;\"><strong>Presentaci\u00f3n<\/strong><\/span><\/h2>\n<h4>Este Cap\u00edtulo ha concentrado en tres grandes ejes tem\u00e1ticos los diecinueve que propone el 2\u00b0 Congreso Internacional de Antropolog\u00edas del Sur 2020. Cada uno de esos ejes est\u00e1n contenidos en estos tres temarios abarcantes o paraguas: la Epistemolog\u00eda, la Metodolog\u00eda y el Compromiso social de las Antropolog\u00edas del Sur.\u00a0 Se trata de reflexionar sobre la manera de conocer e interpretar en estos tiempos de profunda crisis de la civilizaci\u00f3n occidental y de su episteme ilustrada, teniendo en cuenta los sentidos, pr\u00e1cticas y agencias de los sujetos sociales con quienes trabajamos. Esto significa meterse en un verdadero laberinto de complejidades te\u00f3ricas y metodol\u00f3gicas, bienvenidas en este ejercicio de reconocer y reconocernos en el momento de construir conocimiento.<\/h4>\n<h4>Deseamos explorar, desde los planteamientos de las Epistemolog\u00edas del Sur, los otros caminos que se han recorrido desde las Ciencias Sociales y Human\u00edsticas, que permitan ser combinadas con libertad ejercitando otros modos de explorar e interpretar las realidades que habitamos (y queremos transformar). De esta manera, deseamos dialogar con temas relacionados con la Historia, con el patrimonio cultural, con los conflictos sociales y construcciones de paz, con el racismo, con el arte, la literatura, la imagen, el cuerpo, el g\u00e9nero, las sexualidades, emociones y subjetividades, y con todo espacio de conocimiento desde donde nos planteemos reflexiones e interpretaciones plurales y emergentes.<\/h4>\n<h4>Se propone crear o interpretar formas diversas de saber desde otros espacios interpretativos que hagan observables realidades nuevas o que fueron ignoradas e invisibilizadas, o consideradas irrelevantes por la tradici\u00f3n epist\u00e9mica moderna. Se convoca a incursionar, con los riesgos e incertidumbre que eso puede ocasionar, en nuevas formas de conocer, de crear metodolog\u00edas o caminos para la investigaci\u00f3n-comprensi\u00f3n y transformaci\u00f3n.<\/h4>\n<h4>Planteamos lo metodol\u00f3gico como una b\u00fasqueda creativa, emergente, a veces intrincada, de construir conocimientos, y hacemos un llamado a una postura \u00e9tica, pol\u00edtica y po\u00e9tica comprometida con el saber y tambi\u00e9n con los asuntos sociales, sobre todo si realizamos investigaciones conscientemente situadas. En este caso, el compromiso social que planteamos, trata de carnalizar los problemas sociales abordados, creando v\u00ednculos con los sujetos sociales, coadyuvando en los procesos de transformaci\u00f3n y fortalecimiento social, pol\u00edtico, econ\u00f3mico y tambi\u00e9n emocional. La creaci\u00f3n de conocimiento no es asc\u00e9tico, por el contrario la intenci\u00f3n comprometida potencia todo proceso creador, que posibilita la b\u00fasqueda incesante de una acci\u00f3n comprometida\u00a0 con el mundo.<\/h4>\n<p>\u00a0<\/p>\n<h3 style=\"text-align: center;\"><span style=\"color: #106b10;\"><strong>&#8211; EJES TEM\u00c1TICOS:<\/strong><\/span><\/h3>\n<h4 style=\"text-align: center;\"><span style=\"color: #993300;\"><strong>&#8211; Epistemolog\u00edas<\/strong><\/span><\/h4>\n<h4 style=\"text-align: center;\"><span style=\"color: #993300;\"><strong>&#8211; Metodolog\u00edas<\/strong><\/span><\/h4>\n<h4 style=\"text-align: center;\"><span style=\"color: #993300;\"><strong>&#8211; Compromiso social<\/strong><\/span><\/h4>\n<h3>\u00a0<\/h3>\n<h3 style=\"text-align: center;\"><strong>PROGRAMACI\u00d3N:<\/strong><\/h3>\n<h3 style=\"text-align: center;\"><a href=\"https:\/\/capitulocaribe2022.blogspot.com\/p\/13-de-agosto.html\" target=\"_blank\" rel=\"noopener noreferrer\"><span style=\"color: #993300;\"><strong>D\u00cdA 1 S\u00c1BADO 13 DE AGOSTO DE 2022:<\/strong><\/span><\/a><\/h3>\n<h3 style=\"text-align: center;\"><strong><span style=\"color: #000000;\">&#8211; ACTO DE APERTURA<\/span><\/strong><\/h3>\n<h3 style=\"text-align: center;\"><span style=\"color: #000000;\"><strong>&#8211; CONFERENCIA INICIAL: \u201cMundos de vida, construcci\u00f3n de conocimiento y compromiso social\u201d, de Yanett Segovia<\/strong><\/span><\/h3>\n<h3 style=\"text-align: center;\"><span style=\"color: #000000;\"><strong>&#8211; HOMENAJE A JACQUELINE CLARAC DE BRICE\u00d1O<\/strong><\/span><\/h3>\n<h3 style=\"text-align: center;\"><span style=\"color: #000000;\"><strong>&#8211; 1ER CICLO DE PONENCIAS Y DI\u00c1LOGOS: Sujetos de persistencias y resistencias<\/strong><\/span><\/h3>\n<h3 style=\"text-align: center;\"><strong>&#8211; DI\u00c1LOGO EN COMUNIDAD<\/strong><\/h3>\n<h3 style=\"text-align: center;\"><a href=\"https:\/\/capitulocaribe2022.blogspot.com\/p\/14-de-agosto.html\" target=\"_blank\" rel=\"noopener noreferrer\"><span style=\"color: #993300;\"><strong>D\u00cdA 2 DOMINGO 14 DE AGOSTO DE 2022:<\/strong><\/span><\/a><\/h3>\n<h3 style=\"text-align: center;\"><span style=\"color: #000000;\"><strong>&#8211; 2DO CICLO DE PONENCIAS Y DI\u00c1LOGOS: Abordajes territoriales, con la conferencia inicial \u201cEl postconcilio y sus aportes a las luchas de los movimientos ind\u00edgenas y sociales en Am\u00e9rica Latina\u201d, de Leonardo Montoya-Pel\u00e1ez<\/strong><\/span><\/h3>\n<h3 style=\"text-align: center;\"><span style=\"color: #000000;\"><strong>&#8211; CONFERENCIA INICIAL: \u201cMemorias y persistencias en contexto de violencias\u201d, de Andrea P\u00e9rez<\/strong><\/span><\/h3>\n<h3 style=\"text-align: center;\"><span style=\"color: #000000;\"><strong>&#8211; HOMENAJE A JOS\u00c9 MANUEL BRICE\u00d1O GUERRERO<\/strong><\/span><\/h3>\n<h3 style=\"text-align: center;\"><span style=\"color: #000000;\"><strong>&#8211; DI\u00c1LOGOS ABIERTOS<\/strong><\/span><\/h3>\n<h3 style=\"text-align: center;\"><strong>&#8211; DI\u00c1LOGO EN COMUNIDAD<\/strong><\/h3>\n<h3 style=\"text-align: center;\"><strong><a href=\"https:\/\/capitulocaribe2022.blogspot.com\/p\/15-de-agosto.html\" target=\"_blank\" rel=\"noopener noreferrer\"><span style=\"color: #993300;\">D\u00cdA 3 LUNES 15 DE AGOSTO DE 2022:<\/span><\/a><\/strong><\/h3>\n<h3 style=\"text-align: center;\"><span style=\"color: #000000;\"><strong>&#8211; DI\u00c1LOGO ABIERTO: &#8220;Cristianismo liberador en Colombia: Una memoria testimonial\u201d, de Carlos Angarita<\/strong><\/span><\/h3>\n<h3 style=\"text-align: center;\"><span style=\"color: #000000;\"><strong>&#8211; HOMENAJE A ORLANDO FALS BORDA<\/strong><\/span><\/h3>\n<h3 style=\"text-align: center;\"><span style=\"color: #000000;\"><strong>&#8211; DI\u00c1LOGO ABIERTO: Presentaci\u00f3n del libro\u00a0<a href=\"https:\/\/www.uniedusul.com.br\/wp-content\/uploads\/2021\/08\/e-book-etnografias-irreverentes-y-comprometidas.pdf\" target=\"_blank\" rel=\"noopener noreferrer\"><em>Etnograf\u00edas irreverentes y comprometidas<\/em><\/a>, con Yanett Segovia y la participaci\u00f3n de algunxs de sus autorxs desde Brasil, Argentina, Colombia, Bolivia y Venezuela<\/strong><\/span><\/h3>\n<h3 style=\"text-align: center;\"><span style=\"color: #000000;\"><strong>&#8211; CIERRE<\/strong><\/span><\/h3>\n<h4 style=\"text-align: left;\">\u00a0<\/h4>\n<h2 style=\"text-align: center;\"><span style=\"color: #cc0000;\"><b>Se publicar\u00e1n las Memorias con ISBN despu\u00e9s de realizado el Cap\u00edtulo. <\/b><\/span><\/h2>\n<h2>\u00a0<\/h2>\n<h2 style=\"text-align: center;\"><span style=\"color: #106b10;\"><strong>Costos<\/strong><\/span><\/h2>\n<h4 style=\"text-align: center;\">Inscripci\u00f3n general profesores: $ 70.000,00<\/h4>\n<h4 style=\"text-align: center;\">Inscripci\u00f3n estudiantes:<\/h4>\n<h4 style=\"text-align: center;\">Con certificaci\u00f3n: $ 60.000,00<\/h4>\n<h4 style=\"text-align: center;\">Sin certificaci\u00f3n: $ 30.000,00<\/h4>\n<h4 style=\"text-align: center;\">Se exoneran a asistentes venezolanxs. La inscripci\u00f3n se realizar\u00e1 en Uniclaretiana. Tambi\u00e9n se puede escribir al correo del Cap\u00edtulo Regi\u00f3n Caribe Colombia: <a href=\"mailto:capituloregioncaribecolombiano@gmail.com\">capituloregioncaribecolombiano@gmail.com<\/a><\/h4>\n<h2>\u00a0<\/h2>\n<h2 style=\"text-align: center;\"><span style=\"color: #106b10;\"><strong>Comisi\u00f3n Coordinadora<\/strong><\/span><\/h2>\n<h2 style=\"text-align: center;\"><span style=\"color: #106b10;\"><strong>Cap\u00edtulo Regi\u00f3n Caribe Colombiano<\/strong><\/span><\/h2>\n<h3 style=\"text-align: center;\"><strong><span style=\"color: #993300;\">Grupo Coordinador<\/span><\/strong><\/h3>\n<div class=\"post-header\">\n<div class=\"post-head\">\n<h3 class=\"post-title entry-title\" style=\"text-align: center;\"><strong>Coordinaci\u00f3n VENEZUELA-COLOMBIA<\/strong><\/h3>\n<\/div>\n<\/div>\n<article>\n<div id=\"post-body-6535857789882989418\" class=\"post-body entry-content\">\n<h3 class=\"western\" style=\"text-align: center;\"><strong>Centro de Estudios de Etnograf\u00eda Comprometida, CEEC<\/strong><\/h3>\n<h4 class=\"western\" style=\"text-align: center;\"><b>Yanett Segovia<\/b><\/h4>\n<h4 class=\"western\" style=\"text-align: center;\">Universidad de Los Andes, Venezuela \/ <span style=\"font-size: inherit;\">Centro de Estudios de Etnograf\u00eda Comprometida, CEEC \/\u00a0<\/span>Red de Persistencias y Precariedades en Am\u00e9rica Latina y El Caribe<\/h4>\n<h4 class=\"western\" style=\"text-align: center;\"><b>Mariana Su\u00e1rez<\/b><\/h4>\n<h4 class=\"western\" style=\"text-align: center;\">Red de Antropolog\u00edas del Sur \/\u00a0Universidad Polit\u00e9cnica Territorial de M\u00e9rida Kleber Ram\u00edrez, Venezuela \/\u00a0Red de Persistencias y Precariedades en Am\u00e9rica Latina y El Caribe<\/h4>\n<div>\u00a0<\/div>\n<h3 class=\"western\" style=\"text-align: center;\"><strong>Uniclaretiana\u00a0<\/strong><\/h3>\n<h4 class=\"western\" style=\"text-align: center;\"><b>Albeiro Ospina<\/b><\/h4>\n<h4 class=\"western\" style=\"text-align: center;\">Rector de la Fundaci\u00f3n Uniclaretiana, Quibd\u00f3, Colombia<\/h4>\n<h4 class=\"western\" style=\"text-align: center;\"><b>Carlom\u00e1n Molina<\/b><\/h4>\n<h4 class=\"western\" style=\"text-align: center;\">Facultad de Humanidades y Ciencias Religiosas Uniclaretiana, Colombia<\/h4>\n<h4 class=\"western\" style=\"text-align: center;\"><b>Johan Sebasti\u00e1n Silva<\/b><\/h4>\n<h4 class=\"western\" style=\"text-align: center;\">Antropolog\u00edas del Sur<\/h4>\n<h4 class=\"western\" style=\"text-align: center;\"><b>Carlos Julio Rozo Rubiano<br \/><\/b><\/h4>\n<h4 style=\"text-align: center;\"><span style=\"font-size: inherit;\">Centro de Atenci\u00f3n Tutorial de Bogot\u00e1, (CAT) Uniclaretiana, Colombia<\/span><\/h4>\n<h4 class=\"western\" style=\"text-align: center;\"><b>Wilman Preciado Valencia<\/b><\/h4>\n<h4 class=\"western\" style=\"text-align: center;\">Centro de Atenci\u00f3n Tutorial de Bogot\u00e1, (CAT) Uniclaretiana, Colombia<\/h4>\n<h4 class=\"western\" style=\"text-align: center;\"><b>Geiner Alexander Montero<\/b><\/h4>\n<h4 class=\"western\" style=\"text-align: center;\">Escuela para el Pensamiento Rural Colombiano, Uniclaretiana, Colombia<\/h4>\n<div>\u00a0<\/div>\n<h3 class=\"western\" style=\"text-align: center;\"><strong>Part\u00edcipes Colombia<\/strong><\/h3>\n<h4 class=\"western\" style=\"text-align: center;\"><b style=\"font-size: inherit;\">Jes\u00fas Fl\u00f3rez<\/b><\/h4>\n<h4 style=\"text-align: center;\">Decano Facultad de Humanidades, Universidad Aut\u00f3noma de Occidente, Colombia<\/h4>\n<h4 class=\"western\" style=\"text-align: center;\"><b style=\"font-size: inherit;\">Carlos Angarita<\/b><\/h4>\n<h4 style=\"text-align: center;\">Facultad de Teolog\u00eda, Universidad Javeriana, Bogot\u00e1<\/h4>\n<h4 class=\"western\" style=\"text-align: center;\"><b>Juan Moncayo Santacruz<\/b><\/h4>\n<h4 style=\"text-align: center;\">Universidad Cooperativa de Colombia<\/h4>\n<h4 class=\"western\" style=\"text-align: center;\"><b>Andrea Lissett P\u00e9rez<\/b><\/h4>\n<h4 class=\"western\" style=\"text-align: center;\">Universidad de Antioquia, Colombia<\/h4>\n<h4 class=\"western\" style=\"text-align: center;\"><b>Carolina Casta\u00f1eda<\/b><\/h4>\n<h4 style=\"text-align: center;\"><span style=\"font-size: inherit;\">Doctora en Antropolog\u00eda Social (Instituto de Altos Estudios Sociales, IDAES)<\/span><\/h4>\n<h4 class=\"western\" style=\"text-align: center;\">Investigadora independiente<\/h4>\n<h3 class=\"western\" style=\"text-align: center;\"><strong>Apoyo<\/strong><\/h3>\n<h4 class=\"western\" style=\"text-align: center;\"><b>Duv\u00e1n Murillo Escobar<\/b><\/h4>\n<h4 class=\"western\" style=\"text-align: center;\">Candidato a doctor PhD en Antropolog\u00eda en la Universidad Estatal de Campinas, Sao Paulo, Brasil<\/h4>\n<h4 class=\"western\" style=\"text-align: center;\"><b>Luis Trujillo<\/b><\/h4>\n<h4 class=\"western\" style=\"text-align: center;\">Fot\u00f3grafo, Centro de Estudios de Etnograf\u00eda Comprometida, CEEC.<br \/>Universidad de los Andes, M\u00e9rida, Venezuela<\/h4>\n<h4 style=\"text-align: center;\"><b style=\"font-size: inherit;\">Orlando Celis<\/b><\/h4>\n<h4 class=\"western\" style=\"text-align: center;\">Grupo de Investigaciones Expresiones y Representaciones de la Violencia en Am\u00e9rica Latina y El Caribe, Universidad de Los Andes, VALEC<br \/>Universidad de Los Andes, M\u00e9rida, Venezuela<\/h4>\n<h4 class=\"western\" style=\"text-align: center;\"><b>Diego Camilo Figueroa<br \/><\/b><\/h4>\n<h4 style=\"text-align: center;\"><span style=\"font-size: inherit;\">Creativo de Enfoque Transmedia<\/span><\/h4>\n<h4 style=\"text-align: center;\"><b>Daniel Gonz\u00e1lez Due\u00f1as<\/b><\/h4>\n<h4 style=\"text-align: center;\">Poes\u00eda, arte, postales\u00a0<br \/><b>Mary Gabriela de \u00c1vila Gonz\u00e1lez<br \/><\/b><\/h4>\n<h4 style=\"text-align: center;\">Arte, dise\u00f1o, programaci\u00f3n<\/h4>\n<h4 style=\"text-align: center;\"><b>R<\/b><b>a\u00fal Lombardi<\/b><\/h4>\n<h4 style=\"text-align: center;\">Dise\u00f1o gr\u00e1fico y web<\/h4>\n<\/div>\n<\/article>\n\n\n<p><\/p>\n","protected":false},"excerpt":{"rendered":"<p>II Congreso Internacional de Antropolog\u00edas del Sur Los caminos\/retos de las investigaciones del Sur: desaf\u00edos metodol\u00f3gicos, diversidad disciplinar y compromiso social Cap\u00edtulo Caribe-Colombia Bogot\u00e1, Colombia P\u00e1gina web del evento \u00a0 Fecha de realizaci\u00f3n: 13, 14 y 15 de agosto del 2022. Lugar: Colegio del Inmaculado Coraz\u00f3n de Mar\u00eda, Bogot\u00e1, Colombia. \u00a0 Presentaci\u00f3n Este Cap\u00edtulo ha<\/p>\n<p><a href=\"https:\/\/antropologiasdelsur.org\/?page_id=507\" class=\"more-link themebutton\">Leer m\u00e1s<\/a><\/p>\n","protected":false},"author":3,"featured_media":0,"parent":505,"menu_order":0,"comment_status":"closed","ping_status":"closed","template":"","meta":{"footnotes":""},"class_list":["post-507","page","type-page","status-publish","hentry"],"jetpack_sharing_enabled":true,"jetpack_shortlink":"https:\/\/wp.me\/P7en3k-8b","jetpack-related-posts":[{"id":522,"url":"https:\/\/antropologiasdelsur.org\/?page_id=522","url_meta":{"origin":507,"position":0},"title":"Programaci\u00f3n","author":"Diego Camilo Figueroa","date":"12\/08\/2019","format":false,"excerpt":"Venezuela: Cap\u00edtulo Falc\u00f3n\/Coro: Cada viernes del mes de marzo del 2020. Cap\u00edtulo Barinas-Venezuela: 1-2 de abril del 2020. Cap\u00edtulo Yaracuy-Venezuela: 17-19 de abril del 2020. Colombia: Cap\u00edtulo Regi\u00f3n Caribe-Colombia: Agosto del 2022. Brasil: Cap\u00edtulo Brasil: Octubre de 2020.","rel":"","context":"Entrada similar","block_context":{"text":"Entrada similar","link":""},"img":{"alt_text":"","src":"","width":0,"height":0},"classes":[]},{"id":505,"url":"https:\/\/antropologiasdelsur.org\/?page_id=505","url_meta":{"origin":507,"position":1},"title":"Colombia","author":"Diego Camilo Figueroa","date":"12\/08\/2019","format":false,"excerpt":"","rel":"","context":"Entrada similar","block_context":{"text":"Entrada similar","link":""},"img":{"alt_text":"","src":"","width":0,"height":0},"classes":[]},{"id":75,"url":"https:\/\/antropologiasdelsur.org\/?page_id=75","url_meta":{"origin":507,"position":2},"title":"\u00bfQui\u00e9nes somos?","author":"petrizzo","date":"12\/09\/2015","format":false,"excerpt":"La\u00a0Red de Antropolog\u00edas del Sur\u00a0congrega a un grupo de investigadorxs de las ciencias sociales de Am\u00e9rica Latina, especialmente de la antropolog\u00eda, quienes decidieron congregarse en el a\u00f1o 2015 para organizar el\u00a0Primer Congreso Internacional de Antropolog\u00edas del Sur realizado un a\u00f1o luego, en octubre del 2016 en M\u00e9rida, Venezuela.Posteriormente, la Red\u2026","rel":"","context":"Entrada similar","block_context":{"text":"Entrada similar","link":""},"img":{"alt_text":"M.Sc. Annel Mej\u00edas Guiza (coordinadora general\/ULA, Venezuela","src":"https:\/\/i0.wp.com\/antropologiasdelsur.org\/wp-content\/uploads\/2026\/04\/Annel-Mejias-Guiza-sitio-web-300x254-1-150x150.jpg?resize=350%2C200&ssl=1","width":350,"height":200},"classes":[]},{"id":476,"url":"https:\/\/antropologiasdelsur.org\/?page_id=476","url_meta":{"origin":507,"position":3},"title":"Cap\u00edtulos","author":"Diego Camilo Figueroa","date":"12\/08\/2019","format":false,"excerpt":"BrasilOrganizado por el Projeto Nova Cartografia Social, da Universidade Federal do Rec\u00f4ncavo da Bahia (UFRB).Fecha:\u00a0julio del 2020.Modalidad: virtual.Primera Circular\u00a0ColombiaRegi\u00f3n Caribe:Organizado por el Centro de Investigaciones Jorge Eli\u00e9cer Gait\u00e1n, de la Escuela de Derecho y Ciencias Sociales de la Corporaci\u00f3n Universitaria del Meta; la Fundaci\u00f3n Universitaria Intercultural Manuel Zapata Olivella (FUIMZO),\u2026","rel":"","context":"Entrada similar","block_context":{"text":"Entrada similar","link":""},"img":{"alt_text":"","src":"","width":0,"height":0},"classes":[]},{"id":509,"url":"https:\/\/antropologiasdelsur.org\/?page_id=509","url_meta":{"origin":507,"position":4},"title":"Brasil","author":"Diego Camilo Figueroa","date":"12\/08\/2019","format":false,"excerpt":"Cap\u00edtulo Brasil do 2\u00b0 Congresso Internacional de Antropologias do Sul A antropologia em movimento: reflexividade, posicionamentos e pr\u00e1ticas Atividade pr\u00e9 32\u00b0 Reuni\u00e3o Brasileira de Antropologia Transmiss\u00e3o pela TV ABA: https:\/\/www.youtube.com\/tvaba Data: 15 y 27\/10\/2020 O cap\u00edtulo Brasil ser\u00e1 composto de dois pain\u00e9is: PAINEL1 \u201cAntropologia na Am\u00e9rica do Sul: algumas reflex\u00f5es\u201d:\u2026","rel":"","context":"Entrada similar","block_context":{"text":"Entrada similar","link":""},"img":{"alt_text":"","src":"https:\/\/i0.wp.com\/antropologiasdelsur.org\/wp-content\/uploads\/2020\/10\/AFICHE-CAPITULO-BRASIL-1-BR-300x228.jpg?resize=350%2C200","width":350,"height":200,"srcset":"https:\/\/i0.wp.com\/antropologiasdelsur.org\/wp-content\/uploads\/2020\/10\/AFICHE-CAPITULO-BRASIL-1-BR-300x228.jpg?resize=350%2C200 1x, https:\/\/i0.wp.com\/antropologiasdelsur.org\/wp-content\/uploads\/2020\/10\/AFICHE-CAPITULO-BRASIL-1-BR-300x228.jpg?resize=525%2C300 1.5x"},"classes":[]},{"id":1586,"url":"https:\/\/antropologiasdelsur.org\/?page_id=1586","url_meta":{"origin":507,"position":5},"title":"Tercer Congreso Internacional de Antropolog\u00edas del Sur","author":"petrizzo","date":"26\/12\/2025","format":false,"excerpt":"3ER CONGRESO INTERNACIONAL DE ANTROPOLOG\u00cdA DEL SUR 2026.\u00a0\u201cLAS ANTROPOLOG\u00cdAS DEL SUR FRENTE A UN MUNDO EN CONFLICTO: RETOS EPISTEMOL\u00d3GICOS, \u00c9TICOS Y POL\u00cdTICOS\u201d.\u00a0FOZ DE IGUA\u00c7\u00da, BRASIL Fecha:\u00a04, 5 y 6 de noviembre de 2026Sitio web del evento:\u00a0https:\/\/antropologiasdelsur.orgCorreo electr\u00f3nico del evento:\u00a0congreso@antropologiasdelsur.orgPRESENTACI\u00d3NAm\u00e9rica Latina y el Caribe, al igual que la mayor\u00eda de las\u2026","rel":"","context":"Entrada similar","block_context":{"text":"Entrada similar","link":""},"img":{"alt_text":"","src":"https:\/\/i0.wp.com\/antropologiasdelsur.org\/wp-content\/uploads\/2025\/12\/banner-congreso2026-PNG.png?fit=1200%2C150&ssl=1&resize=350%2C200","width":350,"height":200,"srcset":"https:\/\/i0.wp.com\/antropologiasdelsur.org\/wp-content\/uploads\/2025\/12\/banner-congreso2026-PNG.png?fit=1200%2C150&ssl=1&resize=350%2C200 1x, https:\/\/i0.wp.com\/antropologiasdelsur.org\/wp-content\/uploads\/2025\/12\/banner-congreso2026-PNG.png?fit=1200%2C150&ssl=1&resize=525%2C300 1.5x, https:\/\/i0.wp.com\/antropologiasdelsur.org\/wp-content\/uploads\/2025\/12\/banner-congreso2026-PNG.png?fit=1200%2C150&ssl=1&resize=700%2C400 2x, https:\/\/i0.wp.com\/antropologiasdelsur.org\/wp-content\/uploads\/2025\/12\/banner-congreso2026-PNG.png?fit=1200%2C150&ssl=1&resize=1050%2C600 3x"},"classes":[]}],"_links":{"self":[{"href":"https:\/\/antropologiasdelsur.org\/index.php?rest_route=\/wp\/v2\/pages\/507","targetHints":{"allow":["GET"]}}],"collection":[{"href":"https:\/\/antropologiasdelsur.org\/index.php?rest_route=\/wp\/v2\/pages"}],"about":[{"href":"https:\/\/antropologiasdelsur.org\/index.php?rest_route=\/wp\/v2\/types\/page"}],"author":[{"embeddable":true,"href":"https:\/\/antropologiasdelsur.org\/index.php?rest_route=\/wp\/v2\/users\/3"}],"replies":[{"embeddable":true,"href":"https:\/\/antropologiasdelsur.org\/index.php?rest_route=%2Fwp%2Fv2%2Fcomments&post=507"}],"version-history":[{"count":74,"href":"https:\/\/antropologiasdelsur.org\/index.php?rest_route=\/wp\/v2\/pages\/507\/revisions"}],"predecessor-version":[{"id":1228,"href":"https:\/\/antropologiasdelsur.org\/index.php?rest_route=\/wp\/v2\/pages\/507\/revisions\/1228"}],"up":[{"embeddable":true,"href":"https:\/\/antropologiasdelsur.org\/index.php?rest_route=\/wp\/v2\/pages\/505"}],"wp:attachment":[{"href":"https:\/\/antropologiasdelsur.org\/index.php?rest_route=%2Fwp%2Fv2%2Fmedia&parent=507"}],"curies":[{"name":"wp","href":"https:\/\/api.w.org\/{rel}","templated":true}]}}